{"id":248,"date":"2023-07-20T08:38:51","date_gmt":"2023-07-20T08:38:51","guid":{"rendered":"https:\/\/dividalo.ch\/mentions-legales\/"},"modified":"2023-07-20T09:28:31","modified_gmt":"2023-07-20T09:28:31","slug":"mentions-legales","status":"publish","type":"page","link":"https:\/\/dividalo.ch\/fr\/mentions-legales\/","title":{"rendered":"Mentions l\u00e9gales"},"content":{"rendered":"<p>[et_pb_section fb_built=\u00a0\u00bb1&Prime; _builder_version=\u00a0\u00bb4.21.0&Prime; _module_preset=\u00a0\u00bbdefault\u00a0\u00bb global_colors_info=\u00a0\u00bb{}\u00a0\u00bb theme_builder_area=\u00a0\u00bbpost_content\u00a0\u00bb][et_pb_row _builder_version=\u00a0\u00bb4.21.0&Prime; _module_preset=\u00a0\u00bbdefault\u00a0\u00bb global_colors_info=\u00a0\u00bb{}\u00a0\u00bb theme_builder_area=\u00a0\u00bbpost_content\u00a0\u00bb][et_pb_column type=\u00a0\u00bb4_4&Prime; _builder_version=\u00a0\u00bb4.21.0&Prime; _module_preset=\u00a0\u00bbdefault\u00a0\u00bb global_colors_info=\u00a0\u00bb{}\u00a0\u00bb theme_builder_area=\u00a0\u00bbpost_content\u00a0\u00bb][et_pb_text _builder_version=\u00a0\u00bb4.21.0&Prime; _module_preset=\u00a0\u00bbdefault\u00a0\u00bb header_font=\u00a0\u00bbPoppins|700||on|||||\u00a0\u00bb global_colors_info=\u00a0\u00bb{}\u00a0\u00bb theme_builder_area=\u00a0\u00bbpost_content\u00a0\u00bb]<\/p>\n<h1>Mentions l\u00e9gales<\/h1>\n<p>[\/et_pb_text][\/et_pb_column][\/et_pb_row][\/et_pb_section][et_pb_section fb_built=\u00a0\u00bb1&Prime; _builder_version=\u00a0\u00bb4.21.0&Prime; _module_preset=\u00a0\u00bbdefault\u00a0\u00bb custom_padding=\u00a0\u00bb0px||||false|false\u00a0\u00bb global_colors_info=\u00a0\u00bb{}\u00a0\u00bb theme_builder_area=\u00a0\u00bbpost_content\u00a0\u00bb][et_pb_row _builder_version=\u00a0\u00bb4.21.0&Prime; _module_preset=\u00a0\u00bbdefault\u00a0\u00bb custom_margin=\u00a0\u00bb||50px||false|false\u00a0\u00bb global_colors_info=\u00a0\u00bb{}\u00a0\u00bb theme_builder_area=\u00a0\u00bbpost_content\u00a0\u00bb][et_pb_column type=\u00a0\u00bb4_4&Prime; _builder_version=\u00a0\u00bb4.21.0&Prime; _module_preset=\u00a0\u00bbdefault\u00a0\u00bb global_colors_info=\u00a0\u00bb{}\u00a0\u00bb theme_builder_area=\u00a0\u00bbpost_content\u00a0\u00bb][et_pb_text _builder_version=\u00a0\u00bb4.21.0&Prime; _module_preset=\u00a0\u00bbdefault\u00a0\u00bb theme_builder_area=\u00a0\u00bbpost_content\u00a0\u00bb hover_enabled=\u00a0\u00bb0&Prime; sticky_enabled=\u00a0\u00bb0&Prime;]<\/p>\n<p><strong>Adresse de contact<\/strong><\/p>\n<p>Laura Sch\u00e4rz<br \/>Dividalo AG<br \/>Br\u00fcnigstrasse 12<br \/>6055 Alpnach Dorf<\/p>\n<p>&nbsp;<\/p>\n<p><strong>Personne(s) habilit\u00e9e(s) \u00e0 agir<\/strong><\/p>\n<p>Laura Sch\u00e4rz, Directrice g\u00e9n\u00e9rale \/ Propri\u00e9taire<\/p>\n<p>&nbsp;<\/p>\n<p><strong>Inscription au registre du commerce<\/strong><\/p>\n<p>Nom de l&rsquo;entreprise enregistr\u00e9e : Dividalo AG | N\u00b0 du registre du commerce : CHE-404.361.189<\/p>\n<p>&nbsp;<\/p>\n<p><strong>Num\u00e9ro d&rsquo;identification fiscale<\/strong><\/p>\n<p>CHE-404.361.189 TVA<\/p>\n<p>&nbsp;<\/p>\n<p><strong>Clause de non-responsabilit\u00e9 pour les liens<\/strong><\/p>\n<p>Les r\u00e9f\u00e9rences et les liens vers des sites web de tiers ne rel\u00e8vent pas de notre responsabilit\u00e9. Nous d\u00e9clinons toute responsabilit\u00e9 pour de tels sites. L&rsquo;acc\u00e8s \u00e0 ces sites et leur utilisation se font aux risques et p\u00e9rils de l&rsquo;utilisateur.<\/p>\n<p>&nbsp;<\/p>\n<p><strong>Droits d&rsquo;auteur<\/strong><\/p>\n<p>Les droits d&rsquo;auteur et tous les autres droits li\u00e9s aux contenus, images, photos ou autres fichiers pr\u00e9sents sur ce site sont la propri\u00e9t\u00e9 exclusive de la soci\u00e9t\u00e9 Dividalo AG ou des titulaires de droits sp\u00e9cialement cit\u00e9s. La reproduction de tout \u00e9l\u00e9ment doit faire l&rsquo;objet d&rsquo;une autorisation \u00e9crite pr\u00e9alable du titulaire des droits d&rsquo;auteur.<\/p>\n<p>[\/et_pb_text][\/et_pb_column][\/et_pb_row][\/et_pb_section]<\/p>\n","protected":false},"excerpt":{"rendered":"<p>Mentions l\u00e9galesAdresse de contact Laura Sch\u00e4rzDividalo AGBr\u00fcnigstrasse 126055 Alpnach Dorf &nbsp; Personne(s) habilit\u00e9e(s) \u00e0 agir Laura Sch\u00e4rz, Directrice g\u00e9n\u00e9rale \/ Propri\u00e9taire &nbsp; Inscription au registre du commerce Nom de l&rsquo;entreprise enregistr\u00e9e : Dividalo AG | N\u00b0 du registre du commerce : CHE-404.361.189 &nbsp; Num\u00e9ro d&rsquo;identification fiscale CHE-404.361.189 TVA &nbsp; Clause de non-responsabilit\u00e9 pour les liens [&hellip;]<\/p>\n","protected":false},"author":1,"featured_media":0,"parent":0,"menu_order":0,"comment_status":"closed","ping_status":"closed","template":"","meta":{"_et_pb_use_builder":"on","_et_pb_old_content":"","_et_gb_content_width":"","inline_featured_image":false,"footnotes":""},"class_list":["post-248","page","type-page","status-publish","hentry"],"yoast_head":"<!-- This site is optimized with the Yoast SEO plugin v28.2 - https:\/\/yoast.com\/product\/yoast-seo-wordpress\/ -->\n<title>Mentions l\u00e9gales - Dividalo<\/title>\n<meta name=\"robots\" content=\"index, follow, max-snippet:-1, max-image-preview:large, max-video-preview:-1\" \/>\n<link rel=\"canonical\" href=\"https:\/\/dividalo.ch\/fr\/mentions-legales\/\" \/>\n<meta property=\"og:locale\" content=\"fr_FR\" \/>\n<meta property=\"og:type\" content=\"article\" \/>\n<meta property=\"og:title\" content=\"Mentions l\u00e9gales - Dividalo\" \/>\n<meta property=\"og:description\" content=\"Mentions l\u00e9galesAdresse de contact Laura Sch\u00e4rzDividalo AGBr\u00fcnigstrasse 126055 Alpnach Dorf &nbsp; Personne(s) habilit\u00e9e(s) \u00e0 agir Laura Sch\u00e4rz, Directrice g\u00e9n\u00e9rale \/ Propri\u00e9taire &nbsp; Inscription au registre du commerce Nom de l&#039;entreprise enregistr\u00e9e : Dividalo AG | N\u00b0 du registre du commerce : CHE-404.361.189 &nbsp; Num\u00e9ro d&#039;identification fiscale CHE-404.361.189 TVA &nbsp; Clause de non-responsabilit\u00e9 pour les liens [&hellip;]\" \/>\n<meta property=\"og:url\" content=\"https:\/\/dividalo.ch\/fr\/mentions-legales\/\" \/>\n<meta property=\"og:site_name\" content=\"Dividalo\" \/>\n<meta property=\"article:modified_time\" content=\"2023-07-20T09:28:31+00:00\" \/>\n<meta name=\"twitter:card\" content=\"summary_large_image\" \/>\n<meta name=\"twitter:label1\" content=\"Dur\u00e9e de lecture estim\u00e9e\" \/>\n\t<meta name=\"twitter:data1\" content=\"2 minutes\" \/>\n<script type=\"application\/ld+json\" class=\"yoast-schema-graph\">{\"@context\":\"https:\\\/\\\/schema.org\",\"@graph\":[{\"@type\":\"WebPage\",\"@id\":\"https:\\\/\\\/dividalo.ch\\\/fr\\\/mentions-legales\\\/\",\"url\":\"https:\\\/\\\/dividalo.ch\\\/fr\\\/mentions-legales\\\/\",\"name\":\"Mentions l\u00e9gales - Dividalo\",\"isPartOf\":{\"@id\":\"https:\\\/\\\/dividalo.ch\\\/fr\\\/#website\"},\"datePublished\":\"2023-07-20T08:38:51+00:00\",\"dateModified\":\"2023-07-20T09:28:31+00:00\",\"breadcrumb\":{\"@id\":\"https:\\\/\\\/dividalo.ch\\\/fr\\\/mentions-legales\\\/#breadcrumb\"},\"inLanguage\":\"fr-FR\",\"potentialAction\":[{\"@type\":\"ReadAction\",\"target\":[\"https:\\\/\\\/dividalo.ch\\\/fr\\\/mentions-legales\\\/\"]}]},{\"@type\":\"BreadcrumbList\",\"@id\":\"https:\\\/\\\/dividalo.ch\\\/fr\\\/mentions-legales\\\/#breadcrumb\",\"itemListElement\":[{\"@type\":\"ListItem\",\"position\":1,\"name\":\"Startseite\",\"item\":\"https:\\\/\\\/dividalo.ch\\\/fr\\\/\"},{\"@type\":\"ListItem\",\"position\":2,\"name\":\"Mentions l\u00e9gales\"}]},{\"@type\":\"WebSite\",\"@id\":\"https:\\\/\\\/dividalo.ch\\\/fr\\\/#website\",\"url\":\"https:\\\/\\\/dividalo.ch\\\/fr\\\/\",\"name\":\"Dividalo\",\"description\":\"\",\"publisher\":{\"@id\":\"https:\\\/\\\/dividalo.ch\\\/fr\\\/#organization\"},\"potentialAction\":[{\"@type\":\"SearchAction\",\"target\":{\"@type\":\"EntryPoint\",\"urlTemplate\":\"https:\\\/\\\/dividalo.ch\\\/fr\\\/?s={search_term_string}\"},\"query-input\":{\"@type\":\"PropertyValueSpecification\",\"valueRequired\":true,\"valueName\":\"search_term_string\"}}],\"inLanguage\":\"fr-FR\"},{\"@type\":\"Organization\",\"@id\":\"https:\\\/\\\/dividalo.ch\\\/fr\\\/#organization\",\"name\":\"Dividalo\",\"url\":\"https:\\\/\\\/dividalo.ch\\\/fr\\\/\",\"logo\":{\"@type\":\"ImageObject\",\"inLanguage\":\"fr-FR\",\"@id\":\"https:\\\/\\\/dividalo.ch\\\/fr\\\/#\\\/schema\\\/logo\\\/image\\\/\",\"url\":\"https:\\\/\\\/dividalo.ch\\\/wp-content\\\/uploads\\\/2023\\\/07\\\/Dividalo.svg\",\"contentUrl\":\"https:\\\/\\\/dividalo.ch\\\/wp-content\\\/uploads\\\/2023\\\/07\\\/Dividalo.svg\",\"width\":\"1024\",\"height\":\"1024\",\"caption\":\"Dividalo\"},\"image\":{\"@id\":\"https:\\\/\\\/dividalo.ch\\\/fr\\\/#\\\/schema\\\/logo\\\/image\\\/\"}}]}<\/script>\n<!-- \/ Yoast SEO plugin. -->","yoast_head_json":{"title":"Mentions l\u00e9gales - Dividalo","robots":{"index":"index","follow":"follow","max-snippet":"max-snippet:-1","max-image-preview":"max-image-preview:large","max-video-preview":"max-video-preview:-1"},"canonical":"https:\/\/dividalo.ch\/fr\/mentions-legales\/","og_locale":"fr_FR","og_type":"article","og_title":"Mentions l\u00e9gales - Dividalo","og_description":"Mentions l\u00e9galesAdresse de contact Laura Sch\u00e4rzDividalo AGBr\u00fcnigstrasse 126055 Alpnach Dorf &nbsp; Personne(s) habilit\u00e9e(s) \u00e0 agir Laura Sch\u00e4rz, Directrice g\u00e9n\u00e9rale \/ Propri\u00e9taire &nbsp; Inscription au registre du commerce Nom de l'entreprise enregistr\u00e9e : Dividalo AG | N\u00b0 du registre du commerce : CHE-404.361.189 &nbsp; Num\u00e9ro d'identification fiscale CHE-404.361.189 TVA &nbsp; Clause de non-responsabilit\u00e9 pour les liens [&hellip;]","og_url":"https:\/\/dividalo.ch\/fr\/mentions-legales\/","og_site_name":"Dividalo","article_modified_time":"2023-07-20T09:28:31+00:00","twitter_card":"summary_large_image","twitter_misc":{"Dur\u00e9e de lecture estim\u00e9e":"2 minutes"},"schema":{"@context":"https:\/\/schema.org","@graph":[{"@type":"WebPage","@id":"https:\/\/dividalo.ch\/fr\/mentions-legales\/","url":"https:\/\/dividalo.ch\/fr\/mentions-legales\/","name":"Mentions l\u00e9gales - Dividalo","isPartOf":{"@id":"https:\/\/dividalo.ch\/fr\/#website"},"datePublished":"2023-07-20T08:38:51+00:00","dateModified":"2023-07-20T09:28:31+00:00","breadcrumb":{"@id":"https:\/\/dividalo.ch\/fr\/mentions-legales\/#breadcrumb"},"inLanguage":"fr-FR","potentialAction":[{"@type":"ReadAction","target":["https:\/\/dividalo.ch\/fr\/mentions-legales\/"]}]},{"@type":"BreadcrumbList","@id":"https:\/\/dividalo.ch\/fr\/mentions-legales\/#breadcrumb","itemListElement":[{"@type":"ListItem","position":1,"name":"Startseite","item":"https:\/\/dividalo.ch\/fr\/"},{"@type":"ListItem","position":2,"name":"Mentions l\u00e9gales"}]},{"@type":"WebSite","@id":"https:\/\/dividalo.ch\/fr\/#website","url":"https:\/\/dividalo.ch\/fr\/","name":"Dividalo","description":"","publisher":{"@id":"https:\/\/dividalo.ch\/fr\/#organization"},"potentialAction":[{"@type":"SearchAction","target":{"@type":"EntryPoint","urlTemplate":"https:\/\/dividalo.ch\/fr\/?s={search_term_string}"},"query-input":{"@type":"PropertyValueSpecification","valueRequired":true,"valueName":"search_term_string"}}],"inLanguage":"fr-FR"},{"@type":"Organization","@id":"https:\/\/dividalo.ch\/fr\/#organization","name":"Dividalo","url":"https:\/\/dividalo.ch\/fr\/","logo":{"@type":"ImageObject","inLanguage":"fr-FR","@id":"https:\/\/dividalo.ch\/fr\/#\/schema\/logo\/image\/","url":"https:\/\/dividalo.ch\/wp-content\/uploads\/2023\/07\/Dividalo.svg","contentUrl":"https:\/\/dividalo.ch\/wp-content\/uploads\/2023\/07\/Dividalo.svg","width":"1024","height":"1024","caption":"Dividalo"},"image":{"@id":"https:\/\/dividalo.ch\/fr\/#\/schema\/logo\/image\/"}}]}},"_links":{"self":[{"href":"https:\/\/dividalo.ch\/fr\/wp-json\/wp\/v2\/pages\/248","targetHints":{"allow":["GET"]}}],"collection":[{"href":"https:\/\/dividalo.ch\/fr\/wp-json\/wp\/v2\/pages"}],"about":[{"href":"https:\/\/dividalo.ch\/fr\/wp-json\/wp\/v2\/types\/page"}],"author":[{"embeddable":true,"href":"https:\/\/dividalo.ch\/fr\/wp-json\/wp\/v2\/users\/1"}],"replies":[{"embeddable":true,"href":"https:\/\/dividalo.ch\/fr\/wp-json\/wp\/v2\/comments?post=248"}],"version-history":[{"count":5,"href":"https:\/\/dividalo.ch\/fr\/wp-json\/wp\/v2\/pages\/248\/revisions"}],"predecessor-version":[{"id":253,"href":"https:\/\/dividalo.ch\/fr\/wp-json\/wp\/v2\/pages\/248\/revisions\/253"}],"wp:attachment":[{"href":"https:\/\/dividalo.ch\/fr\/wp-json\/wp\/v2\/media?parent=248"}],"curies":[{"name":"wp","href":"https:\/\/api.w.org\/{rel}","templated":true}]}}