{"id":203,"date":"2023-07-18T08:08:14","date_gmt":"2023-07-18T08:08:14","guid":{"rendered":"https:\/\/dividalo.ch\/lentreprise\/"},"modified":"2025-02-11T07:08:59","modified_gmt":"2025-02-11T07:08:59","slug":"lentreprise","status":"publish","type":"page","link":"https:\/\/dividalo.ch\/fr\/lentreprise\/","title":{"rendered":"L&rsquo;entreprise"},"content":{"rendered":"<p>[et_pb_section fb_built=\u00a0\u00bb1&Prime; custom_padding_last_edited=\u00a0\u00bbon|phone\u00a0\u00bb _builder_version=\u00a0\u00bb4.21.0&Prime; _module_preset=\u00a0\u00bbdefault\u00a0\u00bb custom_margin_tablet=\u00a0\u00bb\u00a0\u00bb custom_margin_phone=\u00a0\u00bb||||false|false\u00a0\u00bb custom_margin_last_edited=\u00a0\u00bbon|phone\u00a0\u00bb custom_padding_tablet=\u00a0\u00bb\u00a0\u00bb custom_padding_phone=\u00a0\u00bb0px||20px||false|false\u00a0\u00bb global_colors_info=\u00a0\u00bb{}\u00a0\u00bb][et_pb_row _builder_version=\u00a0\u00bb4.21.0&Prime; _module_preset=\u00a0\u00bbdefault\u00a0\u00bb global_colors_info=\u00a0\u00bb{}\u00a0\u00bb][et_pb_column type=\u00a0\u00bb4_4&Prime; _builder_version=\u00a0\u00bb4.21.0&Prime; _module_preset=\u00a0\u00bbdefault\u00a0\u00bb global_colors_info=\u00a0\u00bb{}\u00a0\u00bb][et_pb_text _builder_version=\u00a0\u00bb4.21.0&Prime; _module_preset=\u00a0\u00bbdefault\u00a0\u00bb header_font=\u00a0\u00bbPoppins|700||on|||||\u00a0\u00bb global_colors_info=\u00a0\u00bb{}\u00a0\u00bb]<\/p>\n<h1>L&rsquo;entreprise<\/h1>\n<p>[\/et_pb_text][et_pb_text _builder_version=\u00a0\u00bb4.24.2&Prime; _module_preset=\u00a0\u00bbdefault\u00a0\u00bb hover_enabled=\u00a0\u00bb0&Prime; sticky_enabled=\u00a0\u00bb0&Prime;]<\/p>\n<p>Nous sommes une entreprise de construction \u00e9tablie dans le canton d\u2019Obwald et sp\u00e9cialis\u00e9e dans le domaine des travaux acrobatiques, de la s\u00e9curisation de falaises et de protection contre les dangers naturels. C\u2019est avec beaucoup d\u2019\u00e9nergie, de passion et de flexibilit\u00e9 que nous sommes au service de nos clients dans toute la Suisse. Gr\u00e2ce \u00e0 l\u2019exp\u00e9rience diverse et vari\u00e9e de nos collaborateurs nous trouvons la solution id\u00e9ale pour votre projet en hauteur.<\/p>\n<p>[\/et_pb_text][\/et_pb_column][\/et_pb_row][\/et_pb_section][et_pb_section fb_built=\u00a0\u00bb1&Prime; _builder_version=\u00a0\u00bb4.21.0&Prime; _module_preset=\u00a0\u00bbdefault\u00a0\u00bb background_enable_image=\u00a0\u00bboff\u00a0\u00bb custom_padding=\u00a0\u00bb0px||||false|false\u00a0\u00bb global_colors_info=\u00a0\u00bb{}\u00a0\u00bb][et_pb_row column_structure=\u00a0\u00bb1_2,1_2&Prime; make_equal=\u00a0\u00bbon\u00a0\u00bb _builder_version=\u00a0\u00bb4.21.0&Prime; _module_preset=\u00a0\u00bbdefault\u00a0\u00bb custom_padding=\u00a0\u00bb0px||0px||false|false\u00a0\u00bb global_colors_info=\u00a0\u00bb{}\u00a0\u00bb][et_pb_column type=\u00a0\u00bb1_2&Prime; _builder_version=\u00a0\u00bb4.21.0&Prime; _module_preset=\u00a0\u00bbdefault\u00a0\u00bb global_colors_info=\u00a0\u00bb{}\u00a0\u00bb][et_pb_text _builder_version=\u00a0\u00bb4.24.2&Prime; _module_preset=\u00a0\u00bbdefault\u00a0\u00bb custom_margin=\u00a0\u00bb0px||15px||false|false\u00a0\u00bb custom_margin_tablet=\u00a0\u00bb0px||15px||false|false\u00a0\u00bb custom_margin_phone=\u00a0\u00bb0px||15px||false|false\u00a0\u00bb custom_margin_last_edited=\u00a0\u00bbon|tablet\u00a0\u00bb hover_enabled=\u00a0\u00bb0&Prime; global_colors_info=\u00a0\u00bb{}\u00a0\u00bb sticky_enabled=\u00a0\u00bb0&Prime;]<\/p>\n<h2>Laura Sch\u00e4rz : Fondatrice de l\u2019entreprise Dividalo AG<\/h2>\n<p>[\/et_pb_text][et_pb_text _builder_version=\u00a0\u00bb4.21.0&Prime; _module_preset=\u00a0\u00bbdefault\u00a0\u00bb header_2_font=\u00a0\u00bb|700|||||||\u00a0\u00bb header_2_line_height=\u00a0\u00bb1.3em\u00a0\u00bb custom_margin=\u00a0\u00bb||55px|||\u00a0\u00bb global_colors_info=\u00a0\u00bb{}\u00a0\u00bb]<\/p>\n<p>Depuis l\u2019obtention d\u2019un Bachelor en g\u00e9nie civil en 2011, elle a pu acqu\u00e9rir de pr\u00e9cieuses exp\u00e9riences en tant que conductrice de travaux, chef de service et membre de la direction dans divers domaines sp\u00e9ciaux.<\/p>\n<p>Elle a eu l\u2019occasion de diriger de nombreux chantiers dans la Suisse allemande et romande principalement dans le domaine des travaux acrobatiques, des tunnels et de l\u2019assainissement de tunnels et dans l\u2019exploitation de carri\u00e8re. Gr\u00e2ce aux interventions dans toute la Suisse depuis pr\u00e8s de 15 ans nous disposons d\u2019un large r\u00e9seau professionnel.<\/p>\n<p>[\/et_pb_text][et_pb_text _builder_version=\u00a0\u00bb4.21.0&Prime; _module_preset=\u00a0\u00bbdefault\u00a0\u00bb custom_margin=\u00a0\u00bb||15px||false|false\u00a0\u00bb global_colors_info=\u00a0\u00bb{}\u00a0\u00bb]<\/p>\n<h2>Qualifications<\/h2>\n<p>[\/et_pb_text][et_pb_text _builder_version=\u00a0\u00bb4.21.0&Prime; _module_preset=\u00a0\u00bbdefault\u00a0\u00bb header_2_font=\u00a0\u00bb|700|||||||\u00a0\u00bb header_2_line_height=\u00a0\u00bb1.3em\u00a0\u00bb custom_margin=\u00a0\u00bb||50px|||\u00a0\u00bb global_colors_info=\u00a0\u00bb{}\u00a0\u00bb]<\/p>\n<ul>\n<li>Bachelor en g\u00e9nie civil (formation trinationale)<\/li>\n<li>Permis de minage C\/GR\/WS\/BA\/VE\/ME<\/li>\n<li>Formation Travaux sur cordes Niveau 3<\/li>\n<li>Formation post-grade en gestion d\u2019entreprise de la construction ES<\/li>\n<\/ul>\n<p>[\/et_pb_text][et_pb_text _builder_version=\u00a0\u00bb4.21.0&Prime; _module_preset=\u00a0\u00bbdefault\u00a0\u00bb custom_margin=\u00a0\u00bb||15px||false|false\u00a0\u00bb global_colors_info=\u00a0\u00bb{}\u00a0\u00bb]<\/p>\n<h2>Mandats<\/h2>\n<p>[\/et_pb_text][et_pb_text _builder_version=\u00a0\u00bb4.21.0&Prime; _module_preset=\u00a0\u00bbdefault\u00a0\u00bb header_2_font=\u00a0\u00bb|700|||||||\u00a0\u00bb header_2_line_height=\u00a0\u00bb1.3em\u00a0\u00bb custom_margin=\u00a0\u00bb||11px|||\u00a0\u00bb global_colors_info=\u00a0\u00bb{}\u00a0\u00bb]<\/p>\n<ul>\n<li>Coach de formation, CAMPUS SURSEE<\/li>\n<li>Experte examens, Association suisse de minage<\/li>\n<\/ul>\n<p>[\/et_pb_text][\/et_pb_column][et_pb_column type=\u00a0\u00bb1_2&Prime; _builder_version=\u00a0\u00bb4.21.0&Prime; _module_preset=\u00a0\u00bbdefault\u00a0\u00bb background_enable_color=\u00a0\u00bboff\u00a0\u00bb background_enable_image=\u00a0\u00bboff\u00a0\u00bb global_colors_info=\u00a0\u00bb{}\u00a0\u00bb][et_pb_image src=\u00a0\u00bbhttps:\/\/dividalo.ch\/wp-content\/uploads\/2024\/07\/dividalo_laura_schaerz.jpg\u00a0\u00bb title_text=\u00a0\u00bbdividalo_laura_schaerz\u00a0\u00bb _builder_version=\u00a0\u00bb4.24.2&Prime; _module_preset=\u00a0\u00bbdefault\u00a0\u00bb global_colors_info=\u00a0\u00bb{}\u00a0\u00bb][\/et_pb_image][\/et_pb_column][\/et_pb_row][\/et_pb_section][et_pb_section fb_built=\u00a0\u00bb1&Prime; _builder_version=\u00a0\u00bb4.21.0&Prime; _module_preset=\u00a0\u00bbdefault\u00a0\u00bb background_color=\u00a0\u00bb#efefef\u00a0\u00bb global_colors_info=\u00a0\u00bb{}\u00a0\u00bb][et_pb_row _builder_version=\u00a0\u00bb4.21.0&Prime; _module_preset=\u00a0\u00bbdefault\u00a0\u00bb global_colors_info=\u00a0\u00bb{}\u00a0\u00bb][et_pb_column type=\u00a0\u00bb4_4&Prime; _builder_version=\u00a0\u00bb4.21.0&Prime; _module_preset=\u00a0\u00bbdefault\u00a0\u00bb global_colors_info=\u00a0\u00bb{}\u00a0\u00bb][et_pb_text _builder_version=\u00a0\u00bb4.21.0&Prime; _module_preset=\u00a0\u00bbdefault\u00a0\u00bb global_colors_info=\u00a0\u00bb{}\u00a0\u00bb]<\/p>\n<h2>R\u00e9f\u00e9rences Ex\u00e9cution<\/h2>\n<p>[\/et_pb_text][et_pb_text ul_item_indent=\u00a0\u00bb20px\u00a0\u00bb _builder_version=\u00a0\u00bb4.21.0&Prime; _module_preset=\u00a0\u00bbdefault\u00a0\u00bb global_colors_info=\u00a0\u00bb{}\u00a0\u00bb]<\/p>\n<ul>\n<li><strong>2024 Purge Nord I <\/strong>(UniSpital Z\u00fcrich, CHF 50\u2019000)<strong><\/strong><br \/>Contr\u00f4le de fassage, remise en \u00e9tat <strong><\/strong><\/li>\n<li><strong>2024 OFROU F3 Dangers naturels Lopper contr\u00f4le d&rsquo;ancrages <\/strong>(OFROU, CHF 90\u2019000)<strong><\/strong><br \/>Inspections, Renouvellement protection anticorrosion<\/li>\n<li><strong>2024 Forages Piezo\/Inclinom\u00e8tres Tunnel de Ligerz Los 2 <\/strong>(ARGE IBD, CHF 180\u2019000)<strong><\/strong><br \/>Forages 40m, foreuse manuelle<\/li>\n<li><strong>2024 S\u00e9curisation Dangers naturels Tunnel de Ligerz Los 2 <\/strong>(ARGE IBD, CHF\u00a0 0.75 Mio.)<br \/>D\u00e9molition de roche, treillis plaqu\u00e9s, filets pare-pierre<\/li>\n<\/ul>\n<p>&nbsp;<\/p>\n<h2>R\u00e9f\u00e9rences Direction des travaux &amp; chef de projet<\/h2>\n<p>&nbsp;<\/p>\n<ul>\n<li><strong>2023 &#8211; 2024 S\u00e9curisation et assainissement des Falaises de St. Jean<\/strong> (Ville de Gen\u00e8ve, CHF 2.2 M)<br \/>Treillis plaqu\u00e9s, filets pare-pierre, constructions en b\u00e9ton, construction<strong><\/strong><\/li>\n<li><strong>Protection contre les chutes de pierres Caves de Beatus<\/strong> (genossenschaft Beatush\u00f6hlen, CHF 0.25 M)<br \/>Filets pare-pierres, treillis plaqu\u00e9s<\/li>\n<li><strong>Protection contre les crues H\u00e4lteligr\u00e4ben Beatenberg<\/strong> (Zimmermann SA, CHF 0.25 M)<br \/>Filets contre les glissements de terrain et les laves torrentielle<\/li>\n<li><strong>Travaux de s\u00e9curisation Eigergletscher<\/strong> (Consortium V-Bahn, CHF 0.15 M)<br \/>Ancrages, barri\u00e8res de protection contre les chutes, treillis plaqu\u00e9s<\/li>\n<li><strong>Projet de protection int\u00e9gral contre les chutes de pierre Glovelier<\/strong> (Chemins de Fers du Jura, CHF 4.5 M)<br \/>Filets pare-pierres, treillis plaqu\u00e9s, d\u00e9rochement<\/li>\n<li><strong>Tunnel de Solbakk<\/strong> (Norw\u00e8ge, Statens Vegvesen, CHF 206 M)<br \/>Construction d\u2019un nouveau tunnel sous la mer<\/li>\n<li><strong>Protection contre les chutes de pierres Sulzegg, Route de l\u2019Axe<\/strong> (CFF, CHF 2 M)<br \/>Filets pare-pierres, treillis plaqu\u00e9s, digues de protection<\/li>\n<li><strong>Mesures d\u2019urgence Oensingen, Klus am Balsthal<\/strong> (Canton de Soleur, CHF 0.4 M)<br \/>Filets pare-pierres<\/li>\n<li><strong>S\u00e9curisation d\u2019une paroi rocheuse Sagenmattstr. 7+11, Luzern<\/strong> (abl, CHF 5 M)<br \/>Ancrages, constructions en b\u00e9ton<\/li>\n<li><strong>Protection contre les chutes de pierres Balmi Tschuggen<\/strong> (OFROU, CHF 1.2 M)<br \/>Filets pare-pierres, treillis plaqu\u00e9s, digues de protection<\/li>\n<li><strong>Projet de protection int\u00e9gral Vall\u00e9e de Laufon<\/strong> (CFF, CHF 3.5 M)<br \/>Filets pare-pierres, treillis plaqu\u00e9s, digues de protection en terre arm\u00e9e<\/li>\n<li><strong>Exploitation Carri\u00e8res d\u2019Arvel<\/strong> (Carri\u00e8res d&rsquo;Arvel SA., 2015-2017)<br \/>Minage<\/li>\n<li><strong>Assainissement et agrandissement du Tunnel Schloss Laufen<\/strong> (CFF, CHF 4.5 M)<br \/>Avancement \u00e0 l\u2019explosif et conventionnel, abaissement du radier, constructions en b\u00e9ton<\/li>\n<li><strong>Assainissement du Tunnel de Klosters<\/strong> (Chemins de fer rh\u00e9tiques, CHF 8.00 M)<br \/>Avancement conventionnel, assainissement du radier<\/li>\n<li><strong>Am\u00e9nagement double voie Consortium Schachen West<\/strong> (Chemin de fer du Sud-Est Suisse, CHF 21 M)<br \/>Ouvrages d\u2019art, ouvrages de sout\u00e8nement, travaux sp\u00e9ciaux<\/li>\n<li><strong>R\u00e9fection de la piste d\u2019atterrissage<\/strong> (EuroAirport B\u00e2le, CHF 8.00 M)<br \/>Rev\u00eatement en b\u00e9ton<\/li>\n<\/ul>\n<p>[\/et_pb_text][\/et_pb_column][\/et_pb_row][\/et_pb_section][et_pb_section fb_built=\u00a0\u00bb1&Prime; _builder_version=\u00a0\u00bb4.21.0&Prime; _module_preset=\u00a0\u00bbdefault\u00a0\u00bb global_colors_info=\u00a0\u00bb{}\u00a0\u00bb][et_pb_row _builder_version=\u00a0\u00bb4.21.0&Prime; _module_preset=\u00a0\u00bbdefault\u00a0\u00bb global_colors_info=\u00a0\u00bb{}\u00a0\u00bb][et_pb_column type=\u00a0\u00bb4_4&Prime; _builder_version=\u00a0\u00bb4.21.0&Prime; _module_preset=\u00a0\u00bbdefault\u00a0\u00bb global_colors_info=\u00a0\u00bb{}\u00a0\u00bb][et_pb_text _builder_version=\u00a0\u00bb4.21.0&Prime; _module_preset=\u00a0\u00bbdefault\u00a0\u00bb global_colors_info=\u00a0\u00bb{}\u00a0\u00bb]<\/p>\n<h2> Nos Valeurs <\/h2>\n<p>[\/et_pb_text][et_pb_image src=\u00a0\u00bbhttps:\/\/dividalo.ch\/wp-content\/uploads\/2023\/08\/Valeurs_Dividalo_Pfeil-1.svg\u00a0\u00bb title_text=\u00a0\u00bbValeurs_Dividalo_Pfeil\u00a0\u00bb _builder_version=\u00a0\u00bb4.21.0&Prime; _module_preset=\u00a0\u00bbdefault\u00a0\u00bb width=\u00a0\u00bb75%\u00a0\u00bb module_alignment=\u00a0\u00bbcenter\u00a0\u00bb custom_margin=\u00a0\u00bb75px||75px||false|false\u00a0\u00bb custom_margin_tablet=\u00a0\u00bb75px||75px||false|false\u00a0\u00bb custom_margin_phone=\u00a0\u00bb30px||0px||false|false\u00a0\u00bb custom_margin_last_edited=\u00a0\u00bbon|phone\u00a0\u00bb global_colors_info=\u00a0\u00bb{}\u00a0\u00bb][\/et_pb_image][\/et_pb_column][\/et_pb_row][et_pb_row column_structure=\u00a0\u00bb1_4,1_4,1_4,1_4&Prime; _builder_version=\u00a0\u00bb4.21.0&Prime; _module_preset=\u00a0\u00bbdefault\u00a0\u00bb global_colors_info=\u00a0\u00bb{}\u00a0\u00bb][et_pb_column type=\u00a0\u00bb1_4&Prime; _builder_version=\u00a0\u00bb4.21.0&Prime; _module_preset=\u00a0\u00bbdefault\u00a0\u00bb global_colors_info=\u00a0\u00bb{}\u00a0\u00bb][et_pb_text _builder_version=\u00a0\u00bb4.21.0&Prime; _module_preset=\u00a0\u00bbdefault\u00a0\u00bb global_colors_info=\u00a0\u00bb{}\u00a0\u00bb]<\/p>\n<p><strong>Passion<\/strong><\/p>\n<p>Au travers de notre travail quotidien<br \/>Avec beaucoup d\u2019\u00e9nergie, du plaisir et de l\u2019engagement<\/p>\n<p>[\/et_pb_text][\/et_pb_column][et_pb_column type=\u00a0\u00bb1_4&Prime; _builder_version=\u00a0\u00bb4.21.0&Prime; _module_preset=\u00a0\u00bbdefault\u00a0\u00bb global_colors_info=\u00a0\u00bb{}\u00a0\u00bb][et_pb_text _builder_version=\u00a0\u00bb4.21.0&Prime; _module_preset=\u00a0\u00bbdefault\u00a0\u00bb global_colors_info=\u00a0\u00bb{}\u00a0\u00bb]<\/p>\n<p><strong>Flexibilit\u00e9<\/strong><\/p>\n<p>Gr\u00e2ce \u00e0 une structure simple et efficace<br \/>Gr\u00e2ce \u00e0 un large r\u00e9seau de partenaires<\/p>\n<p>[\/et_pb_text][\/et_pb_column][et_pb_column type=\u00a0\u00bb1_4&Prime; _builder_version=\u00a0\u00bb4.21.0&Prime; _module_preset=\u00a0\u00bbdefault\u00a0\u00bb global_colors_info=\u00a0\u00bb{}\u00a0\u00bb][et_pb_text _builder_version=\u00a0\u00bb4.21.0&Prime; _module_preset=\u00a0\u00bbdefault\u00a0\u00bb global_colors_info=\u00a0\u00bb{}\u00a0\u00bb]<\/p>\n<p><strong>Qualit\u00e9<\/strong><\/p>\n<p>Gr\u00e2ce \u00e0 un savoir-faire sp\u00e9cialis\u00e9<br \/>Gr\u00e2ce \u00e0 une approche constructive et organis\u00e9e<\/p>\n<p>[\/et_pb_text][\/et_pb_column][et_pb_column type=\u00a0\u00bb1_4&Prime; _builder_version=\u00a0\u00bb4.21.0&Prime; _module_preset=\u00a0\u00bbdefault\u00a0\u00bb global_colors_info=\u00a0\u00bb{}\u00a0\u00bb][et_pb_text _builder_version=\u00a0\u00bb4.21.0&Prime; _module_preset=\u00a0\u00bbdefault\u00a0\u00bb global_colors_info=\u00a0\u00bb{}\u00a0\u00bb]<\/p>\n<p><strong>Transparence<\/strong><\/p>\n<p>Gr\u00e2ce \u00e0 une communication ouverte \u00e0 tous les niveaux <br \/>Gr\u00e2ce \u00e0 une ex\u00e9cution simple et aussi peu bureaucratique que possible<\/p>\n<p>[\/et_pb_text][\/et_pb_column][\/et_pb_row][\/et_pb_section]<\/p>\n","protected":false},"excerpt":{"rendered":"<p>L&rsquo;entrepriseNous sommes une entreprise de construction \u00e9tablie dans le canton d\u2019Obwald et sp\u00e9cialis\u00e9e dans le domaine des travaux acrobatiques, de la s\u00e9curisation de falaises et de protection contre les dangers naturels. C\u2019est avec beaucoup d\u2019\u00e9nergie, de passion et de flexibilit\u00e9 que nous sommes au service de nos clients dans toute la Suisse. Gr\u00e2ce \u00e0 l\u2019exp\u00e9rience [&hellip;]<\/p>\n","protected":false},"author":1,"featured_media":0,"parent":0,"menu_order":0,"comment_status":"closed","ping_status":"closed","template":"","meta":{"_et_pb_use_builder":"on","_et_pb_old_content":"","_et_gb_content_width":"","inline_featured_image":false,"footnotes":""},"class_list":["post-203","page","type-page","status-publish","hentry"],"yoast_head":"<!-- This site is optimized with the Yoast SEO plugin v28.2 - https:\/\/yoast.com\/product\/yoast-seo-wordpress\/ -->\n<title>L&#039;entreprise - Dividalo<\/title>\n<meta name=\"robots\" content=\"index, follow, max-snippet:-1, max-image-preview:large, max-video-preview:-1\" \/>\n<link rel=\"canonical\" href=\"https:\/\/dividalo.ch\/fr\/lentreprise\/\" \/>\n<meta property=\"og:locale\" content=\"fr_FR\" \/>\n<meta property=\"og:type\" content=\"article\" \/>\n<meta property=\"og:title\" content=\"L&#039;entreprise - Dividalo\" \/>\n<meta property=\"og:description\" content=\"L&#039;entrepriseNous sommes une entreprise de construction \u00e9tablie dans le canton d\u2019Obwald et sp\u00e9cialis\u00e9e dans le domaine des travaux acrobatiques, de la s\u00e9curisation de falaises et de protection contre les dangers naturels. C\u2019est avec beaucoup d\u2019\u00e9nergie, de passion et de flexibilit\u00e9 que nous sommes au service de nos clients dans toute la Suisse. Gr\u00e2ce \u00e0 l\u2019exp\u00e9rience [&hellip;]\" \/>\n<meta property=\"og:url\" content=\"https:\/\/dividalo.ch\/fr\/lentreprise\/\" \/>\n<meta property=\"og:site_name\" content=\"Dividalo\" \/>\n<meta property=\"article:modified_time\" content=\"2025-02-11T07:08:59+00:00\" \/>\n<meta name=\"twitter:card\" content=\"summary_large_image\" \/>\n<meta name=\"twitter:label1\" content=\"Dur\u00e9e de lecture estim\u00e9e\" \/>\n\t<meta name=\"twitter:data1\" content=\"7 minutes\" \/>\n<script type=\"application\/ld+json\" class=\"yoast-schema-graph\">{\"@context\":\"https:\\\/\\\/schema.org\",\"@graph\":[{\"@type\":\"WebPage\",\"@id\":\"https:\\\/\\\/dividalo.ch\\\/fr\\\/lentreprise\\\/\",\"url\":\"https:\\\/\\\/dividalo.ch\\\/fr\\\/lentreprise\\\/\",\"name\":\"L'entreprise - Dividalo\",\"isPartOf\":{\"@id\":\"https:\\\/\\\/dividalo.ch\\\/fr\\\/#website\"},\"datePublished\":\"2023-07-18T08:08:14+00:00\",\"dateModified\":\"2025-02-11T07:08:59+00:00\",\"breadcrumb\":{\"@id\":\"https:\\\/\\\/dividalo.ch\\\/fr\\\/lentreprise\\\/#breadcrumb\"},\"inLanguage\":\"fr-FR\",\"potentialAction\":[{\"@type\":\"ReadAction\",\"target\":[\"https:\\\/\\\/dividalo.ch\\\/fr\\\/lentreprise\\\/\"]}]},{\"@type\":\"BreadcrumbList\",\"@id\":\"https:\\\/\\\/dividalo.ch\\\/fr\\\/lentreprise\\\/#breadcrumb\",\"itemListElement\":[{\"@type\":\"ListItem\",\"position\":1,\"name\":\"Startseite\",\"item\":\"https:\\\/\\\/dividalo.ch\\\/fr\\\/\"},{\"@type\":\"ListItem\",\"position\":2,\"name\":\"L&rsquo;entreprise\"}]},{\"@type\":\"WebSite\",\"@id\":\"https:\\\/\\\/dividalo.ch\\\/fr\\\/#website\",\"url\":\"https:\\\/\\\/dividalo.ch\\\/fr\\\/\",\"name\":\"Dividalo\",\"description\":\"\",\"publisher\":{\"@id\":\"https:\\\/\\\/dividalo.ch\\\/fr\\\/#organization\"},\"potentialAction\":[{\"@type\":\"SearchAction\",\"target\":{\"@type\":\"EntryPoint\",\"urlTemplate\":\"https:\\\/\\\/dividalo.ch\\\/fr\\\/?s={search_term_string}\"},\"query-input\":{\"@type\":\"PropertyValueSpecification\",\"valueRequired\":true,\"valueName\":\"search_term_string\"}}],\"inLanguage\":\"fr-FR\"},{\"@type\":\"Organization\",\"@id\":\"https:\\\/\\\/dividalo.ch\\\/fr\\\/#organization\",\"name\":\"Dividalo\",\"url\":\"https:\\\/\\\/dividalo.ch\\\/fr\\\/\",\"logo\":{\"@type\":\"ImageObject\",\"inLanguage\":\"fr-FR\",\"@id\":\"https:\\\/\\\/dividalo.ch\\\/fr\\\/#\\\/schema\\\/logo\\\/image\\\/\",\"url\":\"https:\\\/\\\/dividalo.ch\\\/wp-content\\\/uploads\\\/2023\\\/07\\\/Dividalo.svg\",\"contentUrl\":\"https:\\\/\\\/dividalo.ch\\\/wp-content\\\/uploads\\\/2023\\\/07\\\/Dividalo.svg\",\"width\":\"1024\",\"height\":\"1024\",\"caption\":\"Dividalo\"},\"image\":{\"@id\":\"https:\\\/\\\/dividalo.ch\\\/fr\\\/#\\\/schema\\\/logo\\\/image\\\/\"}}]}<\/script>\n<!-- \/ Yoast SEO plugin. -->","yoast_head_json":{"title":"L'entreprise - Dividalo","robots":{"index":"index","follow":"follow","max-snippet":"max-snippet:-1","max-image-preview":"max-image-preview:large","max-video-preview":"max-video-preview:-1"},"canonical":"https:\/\/dividalo.ch\/fr\/lentreprise\/","og_locale":"fr_FR","og_type":"article","og_title":"L'entreprise - Dividalo","og_description":"L'entrepriseNous sommes une entreprise de construction \u00e9tablie dans le canton d\u2019Obwald et sp\u00e9cialis\u00e9e dans le domaine des travaux acrobatiques, de la s\u00e9curisation de falaises et de protection contre les dangers naturels. C\u2019est avec beaucoup d\u2019\u00e9nergie, de passion et de flexibilit\u00e9 que nous sommes au service de nos clients dans toute la Suisse. Gr\u00e2ce \u00e0 l\u2019exp\u00e9rience [&hellip;]","og_url":"https:\/\/dividalo.ch\/fr\/lentreprise\/","og_site_name":"Dividalo","article_modified_time":"2025-02-11T07:08:59+00:00","twitter_card":"summary_large_image","twitter_misc":{"Dur\u00e9e de lecture estim\u00e9e":"7 minutes"},"schema":{"@context":"https:\/\/schema.org","@graph":[{"@type":"WebPage","@id":"https:\/\/dividalo.ch\/fr\/lentreprise\/","url":"https:\/\/dividalo.ch\/fr\/lentreprise\/","name":"L'entreprise - Dividalo","isPartOf":{"@id":"https:\/\/dividalo.ch\/fr\/#website"},"datePublished":"2023-07-18T08:08:14+00:00","dateModified":"2025-02-11T07:08:59+00:00","breadcrumb":{"@id":"https:\/\/dividalo.ch\/fr\/lentreprise\/#breadcrumb"},"inLanguage":"fr-FR","potentialAction":[{"@type":"ReadAction","target":["https:\/\/dividalo.ch\/fr\/lentreprise\/"]}]},{"@type":"BreadcrumbList","@id":"https:\/\/dividalo.ch\/fr\/lentreprise\/#breadcrumb","itemListElement":[{"@type":"ListItem","position":1,"name":"Startseite","item":"https:\/\/dividalo.ch\/fr\/"},{"@type":"ListItem","position":2,"name":"L&rsquo;entreprise"}]},{"@type":"WebSite","@id":"https:\/\/dividalo.ch\/fr\/#website","url":"https:\/\/dividalo.ch\/fr\/","name":"Dividalo","description":"","publisher":{"@id":"https:\/\/dividalo.ch\/fr\/#organization"},"potentialAction":[{"@type":"SearchAction","target":{"@type":"EntryPoint","urlTemplate":"https:\/\/dividalo.ch\/fr\/?s={search_term_string}"},"query-input":{"@type":"PropertyValueSpecification","valueRequired":true,"valueName":"search_term_string"}}],"inLanguage":"fr-FR"},{"@type":"Organization","@id":"https:\/\/dividalo.ch\/fr\/#organization","name":"Dividalo","url":"https:\/\/dividalo.ch\/fr\/","logo":{"@type":"ImageObject","inLanguage":"fr-FR","@id":"https:\/\/dividalo.ch\/fr\/#\/schema\/logo\/image\/","url":"https:\/\/dividalo.ch\/wp-content\/uploads\/2023\/07\/Dividalo.svg","contentUrl":"https:\/\/dividalo.ch\/wp-content\/uploads\/2023\/07\/Dividalo.svg","width":"1024","height":"1024","caption":"Dividalo"},"image":{"@id":"https:\/\/dividalo.ch\/fr\/#\/schema\/logo\/image\/"}}]}},"_links":{"self":[{"href":"https:\/\/dividalo.ch\/fr\/wp-json\/wp\/v2\/pages\/203","targetHints":{"allow":["GET"]}}],"collection":[{"href":"https:\/\/dividalo.ch\/fr\/wp-json\/wp\/v2\/pages"}],"about":[{"href":"https:\/\/dividalo.ch\/fr\/wp-json\/wp\/v2\/types\/page"}],"author":[{"embeddable":true,"href":"https:\/\/dividalo.ch\/fr\/wp-json\/wp\/v2\/users\/1"}],"replies":[{"embeddable":true,"href":"https:\/\/dividalo.ch\/fr\/wp-json\/wp\/v2\/comments?post=203"}],"version-history":[{"count":33,"href":"https:\/\/dividalo.ch\/fr\/wp-json\/wp\/v2\/pages\/203\/revisions"}],"predecessor-version":[{"id":543,"href":"https:\/\/dividalo.ch\/fr\/wp-json\/wp\/v2\/pages\/203\/revisions\/543"}],"wp:attachment":[{"href":"https:\/\/dividalo.ch\/fr\/wp-json\/wp\/v2\/media?parent=203"}],"curies":[{"name":"wp","href":"https:\/\/api.w.org\/{rel}","templated":true}]}}